{"id":69,"date":"2020-12-08T18:03:20","date_gmt":"2020-12-08T18:03:20","guid":{"rendered":"https:\/\/iedelsilencio.edu.co\/start\/paginas-aliadas\/"},"modified":"2025-11-25T20:46:55","modified_gmt":"2025-11-26T01:46:55","slug":"paginas-aliadas","status":"publish","type":"page","link":"https:\/\/iedelsilencio.edu.co\/start\/paginas-aliadas\/","title":{"rendered":"P\u00e1ginas Aliadas"},"content":{"rendered":"\n<p>En esta p\u00e1gina encontrar\u00e1s sitios web aliados para mejorar las din\u00e1micas educativas: Cursos, Art\u00edculos, Experiencias, Investigaciones, y Contenidos Digitales, entre otros. S\u00e1cale el mayor provecho a lo que encuentres.<\/p>\n\n\n\n<hr class=\\\"wp-block-separator has-alpha-channel-opacity\\\"\/>\n\n\n\n<div class=\\\"wp-block-media-text alignwide is-stacked-on-mobile is-vertically-aligned-center\\\"><figure class=\\\"wp-block-media-text__media\\\"><a href=\\\"https:\/\/contenidos.colombiaaprende.edu.co\/\\\" target=\\\"_blank\\\" rel=\\\"noopener\\\"><img src=\\\"https:\/\/iedelsilencio.edu.co\/start\/wp-content\/uploads\/2021\/01\/Aprender-Digital-Fondo.png\\\" alt=\\\"\\\" class=\\\"wp-image-212 size-full\\\"\/><\/a><\/figure><div class=\\\"wp-block-media-text__content\\\">\n<p class=\\\"has-large-font-size\\\"><strong><a rel=\\\"noreferrer noopener\\\" href=\\\"https:\/\/contenidos.colombiaaprende.edu.co\/\\\" target=\\\"_blank\\\">Aprender Digital.<\/a><\/strong> <br><em>Transformaci\u00f3n Digital para la innovaci\u00f3n educativa<\/em><\/p>\n\n\n\n<p>Desde el Portal Educativo Colombia Aprende, tenemos una oferta de <strong>contenidos educativos digitales<\/strong> en todas las \u00e1reas del conocimiento para que la comunidad educativa pueda complementar sus procesos de <strong>formaci\u00f3n y aprendizaje<\/strong>. <\/p>\n<\/div><\/div>\n\n\n\n<hr class=\\\"wp-block-separator has-css-opacity\\\"\/>\n\n\n\n<div class=\\\"wp-block-media-text alignwide is-stacked-on-mobile\\\"><figure class=\\\"wp-block-media-text__media\\\"><a href=\\\"https:\/\/contactomaestro.colombiaaprende.edu.co\/\\\" target=\\\"_blank\\\" rel=\\\"noopener\\\"><img src=\\\"https:\/\/iedelsilencio.edu.co\/start\/wp-content\/uploads\/2021\/01\/Contacto-Maestro.jpg\\\" alt=\\\"\\\" class=\\\"wp-image-214 size-full\\\"\/><\/a><\/figure><div class=\\\"wp-block-media-text__content\\\">\n<p class=\\\"has-large-font-size\\\"><a rel=\\\"noreferrer noopener\\\" href=\\\"https:\/\/contactomaestro.colombiaaprende.edu.co\/\\\" target=\\\"_blank\\\"><strong>Contacto Maestro<\/strong>.<\/a> <br><em>Una plataforma para todos los docentes y directivos del pa\u00eds.<\/em><\/p>\n\n\n\n<p>Queremos que todos los maestros del pa\u00eds encuentren la informaci\u00f3n y recursos que necesitan para&nbsp;<strong>transformarse, cuidarse, inspirarse y conectarse.<\/strong><\/p>\n<\/div><\/div>\n\n\n\n<hr class=\\\"wp-block-separator has-css-opacity\\\"\/>\n\n\n\n<div class=\\\"wp-block-media-text alignwide is-stacked-on-mobile\\\"><figure class=\\\"wp-block-media-text__media\\\"><a href=\\\"https:\/\/capacitateparaelempleo.org\/\\\" target=\\\"_blank\\\" rel=\\\"noopener\\\"><img src=\\\"https:\/\/iedelsilencio.edu.co\/start\/wp-content\/uploads\/2021\/01\/Capacitate-para-el-empleo-Fundacion-Carlos-Slim-1024x576.jpg\\\" alt=\\\"\\\" class=\\\"wp-image-223 size-full\\\"\/><\/a><\/figure><div class=\\\"wp-block-media-text__content\\\">\n<p class=\\\"has-large-font-size\\\"><a rel=\\\"noreferrer noopener\\\" href=\\\"https:\/\/capacitateparaelempleo.org\/\\\" target=\\\"_blank\\\">Capac\u00edtate para el Empleo.<\/a> <br><em>Fundaci\u00f3n Carlos Slim<\/em>.<\/p>\n\n\n\n<p>Cursos online gratuitos para acceder a los conocimientos m\u00e1s relevantes de una amplia cantidad de profesiones. <strong>Capac\u00edtate y mantente actualizado<\/strong> para desempe\u00f1ar tu labor con mayor eficacia.<\/p>\n<\/div><\/div>\n\n\n\n<hr class=\\\"wp-block-separator has-css-opacity\\\"\/>\n\n\n\n<div class=\\\"wp-block-media-text alignwide is-stacked-on-mobile\\\"><figure class=\\\"wp-block-media-text__media\\\"><img src=\\\"https:\/\/iedelsilencio.edu.co\/start\/wp-content\/uploads\/2022\/07\/Edu-Trends.jpg\\\" alt=\\\"\\\" class=\\\"wp-image-1088 size-full\\\"\/><\/figure><div class=\\\"wp-block-media-text__content\\\">\n<p class=\\\"has-large-font-size\\\"><a rel=\\\"noreferrer noopener\\\" href=\\\"https:\/\/observatorio.tec.mx\/redutrends\\\" target=\\\"_blank\\\">Edu Trends<\/a>. <br><em>Observatorio Instituto para el Futuro de la Educaci\u00f3n. <\/em><\/p>\n\n\n\n<p>El Tecnol\u00f3gico de Monterrey ofrece un an\u00e1lisis completo de <strong>Tendencias Educativas<\/strong> con el mayor potencial de impacto.  Aprovecha la visi\u00f3n y el contenido de valor dispone para t\u00ed este equipo de investigadores en educaci\u00f3n.<\/p>\n<\/div><\/div>\n\n\n\n<hr class=\\\"wp-block-separator has-css-opacity\\\"\/>\n\n\n\n<div class=\\\"wp-block-media-text alignwide is-stacked-on-mobile\\\"><figure class=\\\"wp-block-media-text__media\\\"><img src=\\\"https:\/\/iedelsilencio.edu.co\/start\/wp-content\/uploads\/2022\/07\/Colombia_Aprende-1024x576.jpg\\\" alt=\\\"\\\" class=\\\"wp-image-1100 size-full\\\"\/><\/figure><div class=\\\"wp-block-media-text__content\\\">\n<p class=\\\"has-large-font-size\\\"><strong><a rel=\\\"noreferrer noopener\\\" href=\\\"https:\/\/www.colombiaaprende.edu.co\/contenidos\\\" target=\\\"_blank\\\">Colombia Aprende<\/a><\/strong>. <br><em>MEN<\/em><\/p>\n\n\n\n<p>Esta es una red de servicios, herramientas y contenidos para&nbsp;<strong>apoyar los procesos de ense\u00f1anza &#8211; aprendizaje.<\/strong>&nbsp;El MEN te invita a descubrir las opciones y novedades que tiene para maetsros, directivos y estudiantes.<\/p>\n<\/div><\/div>\n\n\n\n<hr class=\\\"wp-block-separator has-alpha-channel-opacity\\\"\/>\n\n\n\n<div class=\\\"wp-block-media-text alignwide is-stacked-on-mobile\\\"><figure class=\\\"wp-block-media-text__media\\\"><img src=\\\"https:\/\/iedelsilencio.edu.co\/start\/wp-content\/uploads\/2022\/07\/Google-1024x577.jpg\\\" alt=\\\"\\\" class=\\\"wp-image-1105 size-full\\\"\/><\/figure><div class=\\\"wp-block-media-text__content\\\">\n<p class=\\\"has-large-font-size\\\"><a rel=\\\"noreferrer noopener\\\" href=\\\"https:\/\/edu.google.com\/intl\/ALL_co\/for-educators\/training-courses\/?modal_active=none\\\" target=\\\"_blank\\\">Cursos de Capacitaci\u00f3n<\/a>. <br><em>Google<\/em><\/p>\n\n\n\n<p>Google pretende empoderar a los educadores y apoyar el aprendizaje continuo con capacitaciones en l\u00ednea gratuitas para el \u00e9xito dentro y fuera del aula.<\/p>\n<\/div><\/div>\n\n\n\n<hr class=\\\"wp-block-separator has-alpha-channel-opacity\\\"\/>\n\n\n\n<div class=\\\"wp-block-media-text alignwide is-stacked-on-mobile\\\"><figure class=\\\"wp-block-media-text__media\\\"><video controls src=\\\"https:\/\/iedelsilencio.edu.co\/start\/wp-content\/uploads\/2022\/07\/Microsoft-Video.mp4\\\"><\/video><\/figure><div class=\\\"wp-block-media-text__content\\\">\n<p class=\\\"has-large-font-size\\\"><strong><a rel=\\\"noreferrer noopener\\\" href=\\\"https:\/\/docs.microsoft.com\/es-es\/learn\/browse\/?roles=k-12-educator%2Chigher-ed-educator%2Cschool-leader%2Cparent-guardian\\\" target=\\\"_blank\\\">Centro de Educadores.<\/a><\/strong> <br><em>Microsoft 365<\/em><\/p>\n\n\n\n<p>Obtenga nuevas habilidades y descubra el poder de las <strong>aplicaciones de Microsoft<\/strong> <strong>365 <\/strong>con cursos gu\u00eda. Comience su viaje hoy explorando los m\u00f3dulos y rutas de aprendizaje.<\/p>\n<\/div><\/div>\n","protected":false},"excerpt":{"rendered":"<p>En esta p\u00e1gina encontrar\u00e1s sitios web aliados para mejorar las din\u00e1micas educativas: Cursos, Art\u00edculos, Experiencias, Investigaciones, y Contenidos Digitales, entre otros. S\u00e1cale el mayor provecho a lo que encuentres. Aprender Digital. Transformaci\u00f3n Digital para la innovaci\u00f3n educativa Desde el Portal Educativo Colombia Aprende, tenemos una oferta de contenidos educativos digitales en todas las \u00e1reas del [&hellip;]<\/p>\n","protected":false},"author":1,"featured_media":1124,"parent":0,"menu_order":0,"comment_status":"closed","ping_status":"closed","template":"","meta":{"_genesis_hide_title":false,"_genesis_hide_breadcrumbs":false,"_genesis_hide_singular_image":false,"_genesis_hide_footer_widgets":false,"_genesis_custom_body_class":"","_genesis_custom_post_class":"","_genesis_layout":"","footnotes":""},"class_list":{"0":"post-69","1":"page","2":"type-page","3":"status-publish","4":"has-post-thumbnail","6":"entry"},"_links":{"self":[{"href":"https:\/\/iedelsilencio.edu.co\/start\/wp-json\/wp\/v2\/pages\/69","targetHints":{"allow":["GET"]}}],"collection":[{"href":"https:\/\/iedelsilencio.edu.co\/start\/wp-json\/wp\/v2\/pages"}],"about":[{"href":"https:\/\/iedelsilencio.edu.co\/start\/wp-json\/wp\/v2\/types\/page"}],"author":[{"embeddable":true,"href":"https:\/\/iedelsilencio.edu.co\/start\/wp-json\/wp\/v2\/users\/1"}],"replies":[{"embeddable":true,"href":"https:\/\/iedelsilencio.edu.co\/start\/wp-json\/wp\/v2\/comments?post=69"}],"version-history":[{"count":2,"href":"https:\/\/iedelsilencio.edu.co\/start\/wp-json\/wp\/v2\/pages\/69\/revisions"}],"predecessor-version":[{"id":1603,"href":"https:\/\/iedelsilencio.edu.co\/start\/wp-json\/wp\/v2\/pages\/69\/revisions\/1603"}],"wp:featuredmedia":[{"embeddable":true,"href":"https:\/\/iedelsilencio.edu.co\/start\/wp-json\/wp\/v2\/media\/1124"}],"wp:attachment":[{"href":"https:\/\/iedelsilencio.edu.co\/start\/wp-json\/wp\/v2\/media?parent=69"}],"curies":[{"name":"wp","href":"https:\/\/api.w.org\/{rel}","templated":true}]}}